{"id":31947,"date":"2025-07-24T15:18:54","date_gmt":"2025-07-24T13:18:54","guid":{"rendered":"https:\/\/www.aubergebasque.com\/?page_id=31947"},"modified":"2026-03-01T14:18:33","modified_gmt":"2026-03-01T13:18:33","slug":"the-basque-cafe-for-lunch","status":"publish","type":"page","link":"https:\/\/www.aubergebasque.com\/en\/gastronomic-tour-la-table-de-cedric\/the-basque-cafe-for-lunch\/","title":{"rendered":"Le caf\u00e9 basque &#8211; D\u00e9jeuner (EN)"},"content":{"rendered":"","protected":false},"excerpt":{"rendered":"","protected":false},"author":4,"featured_media":0,"parent":1085,"menu_order":0,"comment_status":"closed","ping_status":"closed","template":"","meta":{"_acf_changed":false,"footnotes":""},"class_list":["post-31947","page","type-page","status-publish","hentry"],"acf":[],"yoast_head":"<!-- This site is optimized with the Yoast SEO plugin v27.5 - https:\/\/yoast.com\/product\/yoast-seo-wordpress\/ -->\n<title>Le caf\u00e9 basque - D\u00e9jeuner (EN) - Auberge Basque<\/title>\n<meta name=\"description\" content=\"D\u00e9couvrez Le Caf\u00e9 Basque \u00e0 l&#039;Auberge Basque, un lieu convivial o\u00f9 la gastronomie basque se r\u00e9invente. Savourez au d\u00e9jeuner des plats gourmands pr\u00e9par\u00e9s avec des produits locaux, dans une ambiance d\u00e9contract\u00e9e et chaleureuse. R\u00e9server votre table d\u00e8s aujourd&#039;hui !\" \/>\n<meta name=\"robots\" content=\"index, follow, max-snippet:-1, max-image-preview:large, max-video-preview:-1\" \/>\n<link rel=\"canonical\" href=\"https:\/\/www.aubergebasque.com\/en\/gastronomic-tour-la-table-de-cedric\/the-basque-cafe-for-lunch\/\" \/>\n<meta property=\"og:locale\" content=\"en_US\" \/>\n<meta property=\"og:type\" content=\"article\" \/>\n<meta property=\"og:title\" content=\"Le caf\u00e9 basque - D\u00e9jeuner (EN) - Auberge Basque\" \/>\n<meta property=\"og:description\" content=\"D\u00e9couvrez Le Caf\u00e9 Basque \u00e0 l&#039;Auberge Basque, un lieu convivial o\u00f9 la gastronomie basque se r\u00e9invente. Savourez au d\u00e9jeuner des plats gourmands pr\u00e9par\u00e9s avec des produits locaux, dans une ambiance d\u00e9contract\u00e9e et chaleureuse. R\u00e9server votre table d\u00e8s aujourd&#039;hui !\" \/>\n<meta property=\"og:url\" content=\"https:\/\/www.aubergebasque.com\/en\/gastronomic-tour-la-table-de-cedric\/the-basque-cafe-for-lunch\/\" \/>\n<meta property=\"og:site_name\" content=\"Auberge Basque\" \/>\n<meta property=\"article:modified_time\" content=\"2026-03-01T13:18:33+00:00\" \/>\n<meta name=\"twitter:card\" content=\"summary_large_image\" \/>\n<meta name=\"twitter:label1\" content=\"Est. reading time\" \/>\n\t<meta name=\"twitter:data1\" content=\"7 minutes\" \/>\n<script type=\"application\/ld+json\" class=\"yoast-schema-graph\">{\"@context\":\"https:\\\/\\\/schema.org\",\"@graph\":[{\"@type\":\"WebPage\",\"@id\":\"https:\\\/\\\/www.aubergebasque.com\\\/en\\\/gastronomic-tour-la-table-de-cedric\\\/the-basque-cafe-for-lunch\\\/\",\"url\":\"https:\\\/\\\/www.aubergebasque.com\\\/en\\\/gastronomic-tour-la-table-de-cedric\\\/the-basque-cafe-for-lunch\\\/\",\"name\":\"Le caf\u00e9 basque - D\u00e9jeuner (EN) - Auberge Basque\",\"isPartOf\":{\"@id\":\"https:\\\/\\\/www.aubergebasque.com\\\/en\\\/#website\"},\"datePublished\":\"2025-07-24T13:18:54+00:00\",\"dateModified\":\"2026-03-01T13:18:33+00:00\",\"description\":\"D\u00e9couvrez Le Caf\u00e9 Basque \u00e0 l'Auberge Basque, un lieu convivial o\u00f9 la gastronomie basque se r\u00e9invente. Savourez au d\u00e9jeuner des plats gourmands pr\u00e9par\u00e9s avec des produits locaux, dans une ambiance d\u00e9contract\u00e9e et chaleureuse. R\u00e9server votre table d\u00e8s aujourd'hui !\",\"breadcrumb\":{\"@id\":\"https:\\\/\\\/www.aubergebasque.com\\\/en\\\/gastronomic-tour-la-table-de-cedric\\\/the-basque-cafe-for-lunch\\\/#breadcrumb\"},\"inLanguage\":\"en-US\",\"potentialAction\":[{\"@type\":\"ReadAction\",\"target\":[\"https:\\\/\\\/www.aubergebasque.com\\\/en\\\/gastronomic-tour-la-table-de-cedric\\\/the-basque-cafe-for-lunch\\\/\"]}]},{\"@type\":\"BreadcrumbList\",\"@id\":\"https:\\\/\\\/www.aubergebasque.com\\\/en\\\/gastronomic-tour-la-table-de-cedric\\\/the-basque-cafe-for-lunch\\\/#breadcrumb\",\"itemListElement\":[{\"@type\":\"ListItem\",\"position\":1,\"name\":\"Accueil\",\"item\":\"https:\\\/\\\/www.aubergebasque.com\\\/en\\\/hotel-and-gastronomic-restaurant\\\/\"},{\"@type\":\"ListItem\",\"position\":2,\"name\":\"Gastronomic Tour La table de C\u00e9dric\",\"item\":\"https:\\\/\\\/www.aubergebasque.com\\\/en\\\/gastronomic-tour-la-table-de-cedric\\\/\"},{\"@type\":\"ListItem\",\"position\":3,\"name\":\"Le caf\u00e9 basque &#8211; D\u00e9jeuner (EN)\"}]},{\"@type\":\"WebSite\",\"@id\":\"https:\\\/\\\/www.aubergebasque.com\\\/en\\\/#website\",\"url\":\"https:\\\/\\\/www.aubergebasque.com\\\/en\\\/\",\"name\":\"Auberge Basque\",\"description\":\"\",\"publisher\":{\"@id\":\"https:\\\/\\\/www.aubergebasque.com\\\/en\\\/#organization\"},\"potentialAction\":[{\"@type\":\"SearchAction\",\"target\":{\"@type\":\"EntryPoint\",\"urlTemplate\":\"https:\\\/\\\/www.aubergebasque.com\\\/en\\\/?s={search_term_string}\"},\"query-input\":{\"@type\":\"PropertyValueSpecification\",\"valueRequired\":true,\"valueName\":\"search_term_string\"}}],\"inLanguage\":\"en-US\"},{\"@type\":\"Organization\",\"@id\":\"https:\\\/\\\/www.aubergebasque.com\\\/en\\\/#organization\",\"name\":\"Auberge Basque\",\"url\":\"https:\\\/\\\/www.aubergebasque.com\\\/en\\\/\",\"logo\":{\"@type\":\"ImageObject\",\"inLanguage\":\"en-US\",\"@id\":\"https:\\\/\\\/www.aubergebasque.com\\\/en\\\/#\\\/schema\\\/logo\\\/image\\\/\",\"url\":\"https:\\\/\\\/www.aubergebasque.com\\\/wp-content\\\/uploads\\\/2021\\\/07\\\/cropped-juinior-suite-auberge-1-1.jpeg\",\"contentUrl\":\"https:\\\/\\\/www.aubergebasque.com\\\/wp-content\\\/uploads\\\/2021\\\/07\\\/cropped-juinior-suite-auberge-1-1.jpeg\",\"width\":348,\"height\":164,\"caption\":\"Auberge Basque\"},\"image\":{\"@id\":\"https:\\\/\\\/www.aubergebasque.com\\\/en\\\/#\\\/schema\\\/logo\\\/image\\\/\"}}]}<\/script>\n<!-- \/ Yoast SEO plugin. -->","yoast_head_json":{"title":"Le caf\u00e9 basque - D\u00e9jeuner (EN) - Auberge Basque","description":"D\u00e9couvrez Le Caf\u00e9 Basque \u00e0 l'Auberge Basque, un lieu convivial o\u00f9 la gastronomie basque se r\u00e9invente. Savourez au d\u00e9jeuner des plats gourmands pr\u00e9par\u00e9s avec des produits locaux, dans une ambiance d\u00e9contract\u00e9e et chaleureuse. R\u00e9server votre table d\u00e8s aujourd'hui !","robots":{"index":"index","follow":"follow","max-snippet":"max-snippet:-1","max-image-preview":"max-image-preview:large","max-video-preview":"max-video-preview:-1"},"canonical":"https:\/\/www.aubergebasque.com\/en\/gastronomic-tour-la-table-de-cedric\/the-basque-cafe-for-lunch\/","og_locale":"en_US","og_type":"article","og_title":"Le caf\u00e9 basque - D\u00e9jeuner (EN) - Auberge Basque","og_description":"D\u00e9couvrez Le Caf\u00e9 Basque \u00e0 l'Auberge Basque, un lieu convivial o\u00f9 la gastronomie basque se r\u00e9invente. Savourez au d\u00e9jeuner des plats gourmands pr\u00e9par\u00e9s avec des produits locaux, dans une ambiance d\u00e9contract\u00e9e et chaleureuse. R\u00e9server votre table d\u00e8s aujourd'hui !","og_url":"https:\/\/www.aubergebasque.com\/en\/gastronomic-tour-la-table-de-cedric\/the-basque-cafe-for-lunch\/","og_site_name":"Auberge Basque","article_modified_time":"2026-03-01T13:18:33+00:00","twitter_card":"summary_large_image","twitter_misc":{"Est. reading time":"7 minutes"},"schema":{"@context":"https:\/\/schema.org","@graph":[{"@type":"WebPage","@id":"https:\/\/www.aubergebasque.com\/en\/gastronomic-tour-la-table-de-cedric\/the-basque-cafe-for-lunch\/","url":"https:\/\/www.aubergebasque.com\/en\/gastronomic-tour-la-table-de-cedric\/the-basque-cafe-for-lunch\/","name":"Le caf\u00e9 basque - D\u00e9jeuner (EN) - Auberge Basque","isPartOf":{"@id":"https:\/\/www.aubergebasque.com\/en\/#website"},"datePublished":"2025-07-24T13:18:54+00:00","dateModified":"2026-03-01T13:18:33+00:00","description":"D\u00e9couvrez Le Caf\u00e9 Basque \u00e0 l'Auberge Basque, un lieu convivial o\u00f9 la gastronomie basque se r\u00e9invente. Savourez au d\u00e9jeuner des plats gourmands pr\u00e9par\u00e9s avec des produits locaux, dans une ambiance d\u00e9contract\u00e9e et chaleureuse. R\u00e9server votre table d\u00e8s aujourd'hui !","breadcrumb":{"@id":"https:\/\/www.aubergebasque.com\/en\/gastronomic-tour-la-table-de-cedric\/the-basque-cafe-for-lunch\/#breadcrumb"},"inLanguage":"en-US","potentialAction":[{"@type":"ReadAction","target":["https:\/\/www.aubergebasque.com\/en\/gastronomic-tour-la-table-de-cedric\/the-basque-cafe-for-lunch\/"]}]},{"@type":"BreadcrumbList","@id":"https:\/\/www.aubergebasque.com\/en\/gastronomic-tour-la-table-de-cedric\/the-basque-cafe-for-lunch\/#breadcrumb","itemListElement":[{"@type":"ListItem","position":1,"name":"Accueil","item":"https:\/\/www.aubergebasque.com\/en\/hotel-and-gastronomic-restaurant\/"},{"@type":"ListItem","position":2,"name":"Gastronomic Tour La table de C\u00e9dric","item":"https:\/\/www.aubergebasque.com\/en\/gastronomic-tour-la-table-de-cedric\/"},{"@type":"ListItem","position":3,"name":"Le caf\u00e9 basque &#8211; D\u00e9jeuner (EN)"}]},{"@type":"WebSite","@id":"https:\/\/www.aubergebasque.com\/en\/#website","url":"https:\/\/www.aubergebasque.com\/en\/","name":"Auberge Basque","description":"","publisher":{"@id":"https:\/\/www.aubergebasque.com\/en\/#organization"},"potentialAction":[{"@type":"SearchAction","target":{"@type":"EntryPoint","urlTemplate":"https:\/\/www.aubergebasque.com\/en\/?s={search_term_string}"},"query-input":{"@type":"PropertyValueSpecification","valueRequired":true,"valueName":"search_term_string"}}],"inLanguage":"en-US"},{"@type":"Organization","@id":"https:\/\/www.aubergebasque.com\/en\/#organization","name":"Auberge Basque","url":"https:\/\/www.aubergebasque.com\/en\/","logo":{"@type":"ImageObject","inLanguage":"en-US","@id":"https:\/\/www.aubergebasque.com\/en\/#\/schema\/logo\/image\/","url":"https:\/\/www.aubergebasque.com\/wp-content\/uploads\/2021\/07\/cropped-juinior-suite-auberge-1-1.jpeg","contentUrl":"https:\/\/www.aubergebasque.com\/wp-content\/uploads\/2021\/07\/cropped-juinior-suite-auberge-1-1.jpeg","width":348,"height":164,"caption":"Auberge Basque"},"image":{"@id":"https:\/\/www.aubergebasque.com\/en\/#\/schema\/logo\/image\/"}}]}},"_links":{"self":[{"href":"https:\/\/www.aubergebasque.com\/en\/wp-json\/wp\/v2\/pages\/31947","targetHints":{"allow":["GET"]}}],"collection":[{"href":"https:\/\/www.aubergebasque.com\/en\/wp-json\/wp\/v2\/pages"}],"about":[{"href":"https:\/\/www.aubergebasque.com\/en\/wp-json\/wp\/v2\/types\/page"}],"author":[{"embeddable":true,"href":"https:\/\/www.aubergebasque.com\/en\/wp-json\/wp\/v2\/users\/4"}],"replies":[{"embeddable":true,"href":"https:\/\/www.aubergebasque.com\/en\/wp-json\/wp\/v2\/comments?post=31947"}],"version-history":[{"count":9,"href":"https:\/\/www.aubergebasque.com\/en\/wp-json\/wp\/v2\/pages\/31947\/revisions"}],"predecessor-version":[{"id":37783,"href":"https:\/\/www.aubergebasque.com\/en\/wp-json\/wp\/v2\/pages\/31947\/revisions\/37783"}],"up":[{"embeddable":true,"href":"https:\/\/www.aubergebasque.com\/en\/wp-json\/wp\/v2\/pages\/1085"}],"wp:attachment":[{"href":"https:\/\/www.aubergebasque.com\/en\/wp-json\/wp\/v2\/media?parent=31947"}],"curies":[{"name":"wp","href":"https:\/\/api.w.org\/{rel}","templated":true}]}}